{"id":172,"date":"2015-09-17T06:54:41","date_gmt":"2015-09-17T06:54:41","guid":{"rendered":"http:\/\/creactivos.net\/portal\/?page_id=172"},"modified":"2015-10-09T23:57:18","modified_gmt":"2015-10-09T21:57:18","slug":"donde-estamos","status":"publish","type":"page","link":"https:\/\/www.colegiosanfelix.com\/web\/index.php\/donde-estamos\/","title":{"rendered":"\u00bfD\u00f3nde estamos?"},"content":{"rendered":"<p><img decoding=\"async\" class=\"alignnone size-full wp-image-319\" src=\"https:\/\/www.colegiosanfelix.com\/web\/wp-content\/uploads\/2015\/09\/donde01.jpg\" alt=\"donde01\" width=\"800\" height=\"301\" srcset=\"https:\/\/www.colegiosanfelix.com\/web\/wp-content\/uploads\/2015\/09\/donde01.jpg 800w, https:\/\/www.colegiosanfelix.com\/web\/wp-content\/uploads\/2015\/09\/donde01-300x113.jpg 300w\" sizes=\"(max-width: 800px) 100vw, 800px\" \/><\/p>\n<p>Nuestro Colegio se encuentra en Cand\u00e1s, en la costa central de Asturias, a medio camino entre Gij\u00f3n y Avil\u00e9s, y muy cerca de Oviedo, la capital del Principado.<\/p>\n<p><img decoding=\"async\" class=\"alignnone size-full wp-image-321\" src=\"https:\/\/www.colegiosanfelix.com\/web\/wp-content\/uploads\/2015\/09\/donde02.jpg\" alt=\"donde02\" width=\"800\" height=\"301\" srcset=\"https:\/\/www.colegiosanfelix.com\/web\/wp-content\/uploads\/2015\/09\/donde02.jpg 800w, https:\/\/www.colegiosanfelix.com\/web\/wp-content\/uploads\/2015\/09\/donde02-300x113.jpg 300w\" sizes=\"(max-width: 800px) 100vw, 800px\" \/><\/p>\n<p>Hace a\u00f1os fue una villa marinera, que viv\u00eda b\u00e1sicamente de la pesca y de los oficios derivados de ella, como la industria conservera. En la actualidad tiene algo m\u00e1s de seis mil habitantes, y adem\u00e1s de conservar su pasado marinero, Cand\u00e1s mira al futuro como centro tur\u00edstico: playas, paisaje, naturaleza y gastronom\u00eda son los principales puntos fuertes de nuestro entorno.<\/p>\n\n\t\t<style>\n\t\t\t#gallery-1 {\n\t\t\t\tmargin: auto;\n\t\t\t}\n\t\t\t#gallery-1 .gallery-item {\n\t\t\t\tfloat: left;\n\t\t\t\tmargin-top: 10px;\n\t\t\t\ttext-align: center;\n\t\t\t\twidth: 25%;\n\t\t\t}\n\t\t\t#gallery-1 img {\n\t\t\t\tborder: 2px solid #cfcfcf;\n\t\t\t}\n\t\t\t#gallery-1 .gallery-caption {\n\t\t\t\tmargin-left: 0;\n\t\t\t}\n\t\t\t\/* see gallery_shortcode() in wp-includes\/media.php *\/\n\t\t<\/style>\n\t\t<div id='gallery-1' class='gallery galleryid-172 gallery-columns-4 gallery-size-thumbnail'><dl class='gallery-item'>\n\t\t\t<dt class='gallery-icon landscape'>\n\t\t\t\t<a href='https:\/\/www.colegiosanfelix.com\/web\/wp-content\/uploads\/2015\/09\/cole01.jpg' title=\"\" data-rl_title=\"\" class=\"rl-gallery-link\" data-rl_caption=\"\" data-rel=\"lightbox-gallery-1\"><img decoding=\"async\" width=\"150\" height=\"150\" src=\"https:\/\/www.colegiosanfelix.com\/web\/wp-content\/uploads\/2015\/09\/cole01-150x150.jpg\" class=\"attachment-thumbnail size-thumbnail no-lazy\" alt=\"\" aria-describedby=\"gallery-1-305\" srcset=\"https:\/\/www.colegiosanfelix.com\/web\/wp-content\/uploads\/2015\/09\/cole01-150x150.jpg 150w, https:\/\/www.colegiosanfelix.com\/web\/wp-content\/uploads\/2015\/09\/cole01-160x160.jpg 160w, https:\/\/www.colegiosanfelix.com\/web\/wp-content\/uploads\/2015\/09\/cole01-320x320.jpg 320w\" sizes=\"(max-width: 150px) 100vw, 150px\" \/><\/a>\n\t\t\t<\/dt>\n\t\t\t\t<dd class='wp-caption-text gallery-caption' id='gallery-1-305'>\n\t\t\t\tEntrada al colegio\n\t\t\t\t<\/dd><\/dl><dl class='gallery-item'>\n\t\t\t<dt class='gallery-icon landscape'>\n\t\t\t\t<a href='https:\/\/www.colegiosanfelix.com\/web\/wp-content\/uploads\/2015\/09\/candax01.jpg' title=\"\" data-rl_title=\"\" class=\"rl-gallery-link\" data-rl_caption=\"\" data-rel=\"lightbox-gallery-1\"><img decoding=\"async\" width=\"150\" height=\"150\" src=\"https:\/\/www.colegiosanfelix.com\/web\/wp-content\/uploads\/2015\/09\/candax01-150x150.jpg\" class=\"attachment-thumbnail size-thumbnail no-lazy\" alt=\"\" aria-describedby=\"gallery-1-306\" srcset=\"https:\/\/www.colegiosanfelix.com\/web\/wp-content\/uploads\/2015\/09\/candax01-150x150.jpg 150w, https:\/\/www.colegiosanfelix.com\/web\/wp-content\/uploads\/2015\/09\/candax01-160x160.jpg 160w, https:\/\/www.colegiosanfelix.com\/web\/wp-content\/uploads\/2015\/09\/candax01-320x320.jpg 320w\" sizes=\"(max-width: 150px) 100vw, 150px\" \/><\/a>\n\t\t\t<\/dt>\n\t\t\t\t<dd class='wp-caption-text gallery-caption' id='gallery-1-306'>\n\t\t\t\tVista general\n\t\t\t\t<\/dd><\/dl><dl class='gallery-item'>\n\t\t\t<dt class='gallery-icon landscape'>\n\t\t\t\t<a href='https:\/\/www.colegiosanfelix.com\/web\/wp-content\/uploads\/2015\/09\/candax02.jpg' title=\"\" data-rl_title=\"\" class=\"rl-gallery-link\" data-rl_caption=\"\" data-rel=\"lightbox-gallery-1\"><img decoding=\"async\" width=\"150\" height=\"150\" src=\"https:\/\/www.colegiosanfelix.com\/web\/wp-content\/uploads\/2015\/09\/candax02-150x150.jpg\" class=\"attachment-thumbnail size-thumbnail no-lazy\" alt=\"\" aria-describedby=\"gallery-1-307\" srcset=\"https:\/\/www.colegiosanfelix.com\/web\/wp-content\/uploads\/2015\/09\/candax02-150x150.jpg 150w, https:\/\/www.colegiosanfelix.com\/web\/wp-content\/uploads\/2015\/09\/candax02-160x160.jpg 160w, https:\/\/www.colegiosanfelix.com\/web\/wp-content\/uploads\/2015\/09\/candax02-320x320.jpg 320w\" sizes=\"(max-width: 150px) 100vw, 150px\" \/><\/a>\n\t\t\t<\/dt>\n\t\t\t\t<dd class='wp-caption-text gallery-caption' id='gallery-1-307'>\n\t\t\t\tEl faro desde Antromero\n\t\t\t\t<\/dd><\/dl><dl class='gallery-item'>\n\t\t\t<dt class='gallery-icon landscape'>\n\t\t\t\t<a href='https:\/\/www.colegiosanfelix.com\/web\/wp-content\/uploads\/2015\/09\/candax03.jpg' title=\"\" data-rl_title=\"\" class=\"rl-gallery-link\" data-rl_caption=\"\" data-rel=\"lightbox-gallery-1\"><img decoding=\"async\" width=\"150\" height=\"150\" src=\"https:\/\/www.colegiosanfelix.com\/web\/wp-content\/uploads\/2015\/09\/candax03-150x150.jpg\" class=\"attachment-thumbnail size-thumbnail no-lazy\" alt=\"\" aria-describedby=\"gallery-1-308\" srcset=\"https:\/\/www.colegiosanfelix.com\/web\/wp-content\/uploads\/2015\/09\/candax03-150x150.jpg 150w, https:\/\/www.colegiosanfelix.com\/web\/wp-content\/uploads\/2015\/09\/candax03-160x160.jpg 160w, https:\/\/www.colegiosanfelix.com\/web\/wp-content\/uploads\/2015\/09\/candax03-320x320.jpg 320w\" sizes=\"(max-width: 150px) 100vw, 150px\" \/><\/a>\n\t\t\t<\/dt>\n\t\t\t\t<dd class='wp-caption-text gallery-caption' id='gallery-1-308'>\n\t\t\t\tCand\u00e1s desde La Mata\n\t\t\t\t<\/dd><\/dl><br style=\"clear: both\" \/><dl class='gallery-item'>\n\t\t\t<dt class='gallery-icon landscape'>\n\t\t\t\t<a href='https:\/\/www.colegiosanfelix.com\/web\/wp-content\/uploads\/2015\/09\/candax04.jpg' title=\"\" data-rl_title=\"\" class=\"rl-gallery-link\" data-rl_caption=\"\" data-rel=\"lightbox-gallery-1\"><img decoding=\"async\" width=\"150\" height=\"150\" src=\"https:\/\/www.colegiosanfelix.com\/web\/wp-content\/uploads\/2015\/09\/candax04-150x150.jpg\" class=\"attachment-thumbnail size-thumbnail no-lazy\" alt=\"\" aria-describedby=\"gallery-1-309\" srcset=\"https:\/\/www.colegiosanfelix.com\/web\/wp-content\/uploads\/2015\/09\/candax04-150x150.jpg 150w, https:\/\/www.colegiosanfelix.com\/web\/wp-content\/uploads\/2015\/09\/candax04-160x160.jpg 160w, https:\/\/www.colegiosanfelix.com\/web\/wp-content\/uploads\/2015\/09\/candax04-320x320.jpg 320w\" sizes=\"(max-width: 150px) 100vw, 150px\" \/><\/a>\n\t\t\t<\/dt>\n\t\t\t\t<dd class='wp-caption-text gallery-caption' id='gallery-1-309'>\n\t\t\t\tLa farola de Cand\u00e1s\n\t\t\t\t<\/dd><\/dl><dl class='gallery-item'>\n\t\t\t<dt class='gallery-icon landscape'>\n\t\t\t\t<a href='https:\/\/www.colegiosanfelix.com\/web\/wp-content\/uploads\/2015\/09\/candax05.jpg' title=\"\" data-rl_title=\"\" class=\"rl-gallery-link\" data-rl_caption=\"\" data-rel=\"lightbox-gallery-1\"><img decoding=\"async\" width=\"150\" height=\"150\" src=\"https:\/\/www.colegiosanfelix.com\/web\/wp-content\/uploads\/2015\/09\/candax05-150x150.jpg\" class=\"attachment-thumbnail size-thumbnail no-lazy\" alt=\"\" aria-describedby=\"gallery-1-310\" srcset=\"https:\/\/www.colegiosanfelix.com\/web\/wp-content\/uploads\/2015\/09\/candax05-150x150.jpg 150w, https:\/\/www.colegiosanfelix.com\/web\/wp-content\/uploads\/2015\/09\/candax05-160x160.jpg 160w, https:\/\/www.colegiosanfelix.com\/web\/wp-content\/uploads\/2015\/09\/candax05-320x320.jpg 320w\" sizes=\"(max-width: 150px) 100vw, 150px\" \/><\/a>\n\t\t\t<\/dt>\n\t\t\t\t<dd class='wp-caption-text gallery-caption' id='gallery-1-310'>\n\t\t\t\tPe\u00f1a Furada\n\t\t\t\t<\/dd><\/dl><dl class='gallery-item'>\n\t\t\t<dt class='gallery-icon landscape'>\n\t\t\t\t<a href='https:\/\/www.colegiosanfelix.com\/web\/wp-content\/uploads\/2015\/09\/candax06.jpg' title=\"\" data-rl_title=\"\" class=\"rl-gallery-link\" data-rl_caption=\"\" data-rel=\"lightbox-gallery-1\"><img decoding=\"async\" width=\"150\" height=\"150\" src=\"https:\/\/www.colegiosanfelix.com\/web\/wp-content\/uploads\/2015\/09\/candax06-150x150.jpg\" class=\"attachment-thumbnail size-thumbnail no-lazy\" alt=\"\" aria-describedby=\"gallery-1-311\" srcset=\"https:\/\/www.colegiosanfelix.com\/web\/wp-content\/uploads\/2015\/09\/candax06-150x150.jpg 150w, https:\/\/www.colegiosanfelix.com\/web\/wp-content\/uploads\/2015\/09\/candax06-160x160.jpg 160w, https:\/\/www.colegiosanfelix.com\/web\/wp-content\/uploads\/2015\/09\/candax06-320x320.jpg 320w\" sizes=\"(max-width: 150px) 100vw, 150px\" \/><\/a>\n\t\t\t<\/dt>\n\t\t\t\t<dd class='wp-caption-text gallery-caption' id='gallery-1-311'>\n\t\t\t\tFaro de San Antonio\n\t\t\t\t<\/dd><\/dl><dl class='gallery-item'>\n\t\t\t<dt class='gallery-icon landscape'>\n\t\t\t\t<a href='https:\/\/www.colegiosanfelix.com\/web\/wp-content\/uploads\/2015\/09\/candax07.jpg' title=\"\" data-rl_title=\"\" class=\"rl-gallery-link\" data-rl_caption=\"\" data-rel=\"lightbox-gallery-1\"><img decoding=\"async\" width=\"150\" height=\"150\" src=\"https:\/\/www.colegiosanfelix.com\/web\/wp-content\/uploads\/2015\/09\/candax07-150x150.jpg\" class=\"attachment-thumbnail size-thumbnail no-lazy\" alt=\"\" aria-describedby=\"gallery-1-312\" srcset=\"https:\/\/www.colegiosanfelix.com\/web\/wp-content\/uploads\/2015\/09\/candax07-150x150.jpg 150w, https:\/\/www.colegiosanfelix.com\/web\/wp-content\/uploads\/2015\/09\/candax07-160x160.jpg 160w, https:\/\/www.colegiosanfelix.com\/web\/wp-content\/uploads\/2015\/09\/candax07-320x320.jpg 320w\" sizes=\"(max-width: 150px) 100vw, 150px\" \/><\/a>\n\t\t\t<\/dt>\n\t\t\t\t<dd class='wp-caption-text gallery-caption' id='gallery-1-312'>\n\t\t\t\tVista a\u00e9rea\n\t\t\t\t<\/dd><\/dl><br style=\"clear: both\" \/><dl class='gallery-item'>\n\t\t\t<dt class='gallery-icon landscape'>\n\t\t\t\t<a href='https:\/\/www.colegiosanfelix.com\/web\/wp-content\/uploads\/2015\/09\/candax08.jpg' title=\"\" data-rl_title=\"\" class=\"rl-gallery-link\" data-rl_caption=\"\" data-rel=\"lightbox-gallery-1\"><img decoding=\"async\" width=\"150\" height=\"150\" src=\"https:\/\/www.colegiosanfelix.com\/web\/wp-content\/uploads\/2015\/09\/candax08-150x150.jpg\" class=\"attachment-thumbnail size-thumbnail no-lazy\" alt=\"\" aria-describedby=\"gallery-1-313\" srcset=\"https:\/\/www.colegiosanfelix.com\/web\/wp-content\/uploads\/2015\/09\/candax08-150x150.jpg 150w, https:\/\/www.colegiosanfelix.com\/web\/wp-content\/uploads\/2015\/09\/candax08-160x160.jpg 160w, https:\/\/www.colegiosanfelix.com\/web\/wp-content\/uploads\/2015\/09\/candax08-320x320.jpg 320w\" sizes=\"(max-width: 150px) 100vw, 150px\" \/><\/a>\n\t\t\t<\/dt>\n\t\t\t\t<dd class='wp-caption-text gallery-caption' id='gallery-1-313'>\n\t\t\t\tCand\u00e1s desde la mar\n\t\t\t\t<\/dd><\/dl><dl class='gallery-item'>\n\t\t\t<dt class='gallery-icon landscape'>\n\t\t\t\t<a href='https:\/\/www.colegiosanfelix.com\/web\/wp-content\/uploads\/2015\/09\/candax010.jpg' title=\"\" data-rl_title=\"\" class=\"rl-gallery-link\" data-rl_caption=\"\" data-rel=\"lightbox-gallery-1\"><img decoding=\"async\" width=\"150\" height=\"150\" src=\"https:\/\/www.colegiosanfelix.com\/web\/wp-content\/uploads\/2015\/09\/candax010-150x150.jpg\" class=\"attachment-thumbnail size-thumbnail no-lazy\" alt=\"\" aria-describedby=\"gallery-1-315\" srcset=\"https:\/\/www.colegiosanfelix.com\/web\/wp-content\/uploads\/2015\/09\/candax010-150x150.jpg 150w, https:\/\/www.colegiosanfelix.com\/web\/wp-content\/uploads\/2015\/09\/candax010-160x160.jpg 160w, https:\/\/www.colegiosanfelix.com\/web\/wp-content\/uploads\/2015\/09\/candax010-320x320.jpg 320w\" sizes=\"(max-width: 150px) 100vw, 150px\" \/><\/a>\n\t\t\t<\/dt>\n\t\t\t\t<dd class='wp-caption-text gallery-caption' id='gallery-1-315'>\n\t\t\t\tEstaci\u00f3n de FEVE\n\t\t\t\t<\/dd><\/dl><dl class='gallery-item'>\n\t\t\t<dt class='gallery-icon landscape'>\n\t\t\t\t<a href='https:\/\/www.colegiosanfelix.com\/web\/wp-content\/uploads\/2015\/09\/candax011.jpg' title=\"\" data-rl_title=\"\" class=\"rl-gallery-link\" data-rl_caption=\"\" data-rel=\"lightbox-gallery-1\"><img decoding=\"async\" width=\"150\" height=\"150\" src=\"https:\/\/www.colegiosanfelix.com\/web\/wp-content\/uploads\/2015\/09\/candax011-150x150.jpg\" class=\"attachment-thumbnail size-thumbnail no-lazy\" alt=\"\" aria-describedby=\"gallery-1-316\" srcset=\"https:\/\/www.colegiosanfelix.com\/web\/wp-content\/uploads\/2015\/09\/candax011-150x150.jpg 150w, https:\/\/www.colegiosanfelix.com\/web\/wp-content\/uploads\/2015\/09\/candax011-160x160.jpg 160w, https:\/\/www.colegiosanfelix.com\/web\/wp-content\/uploads\/2015\/09\/candax011-320x320.jpg 320w\" sizes=\"(max-width: 150px) 100vw, 150px\" \/><\/a>\n\t\t\t<\/dt>\n\t\t\t\t<dd class='wp-caption-text gallery-caption' id='gallery-1-316'>\n\t\t\t\tLa Marinera\n\t\t\t\t<\/dd><\/dl><dl class='gallery-item'>\n\t\t\t<dt class='gallery-icon landscape'>\n\t\t\t\t<a href='https:\/\/www.colegiosanfelix.com\/web\/wp-content\/uploads\/2015\/09\/candax012.jpg' title=\"\" data-rl_title=\"\" class=\"rl-gallery-link\" data-rl_caption=\"\" data-rel=\"lightbox-gallery-1\"><img decoding=\"async\" width=\"150\" height=\"150\" src=\"https:\/\/www.colegiosanfelix.com\/web\/wp-content\/uploads\/2015\/09\/candax012-150x150.jpg\" class=\"attachment-thumbnail size-thumbnail no-lazy\" alt=\"\" aria-describedby=\"gallery-1-317\" srcset=\"https:\/\/www.colegiosanfelix.com\/web\/wp-content\/uploads\/2015\/09\/candax012-150x150.jpg 150w, https:\/\/www.colegiosanfelix.com\/web\/wp-content\/uploads\/2015\/09\/candax012-160x160.jpg 160w, https:\/\/www.colegiosanfelix.com\/web\/wp-content\/uploads\/2015\/09\/candax012-320x320.jpg 320w\" sizes=\"(max-width: 150px) 100vw, 150px\" \/><\/a>\n\t\t\t<\/dt>\n\t\t\t\t<dd class='wp-caption-text gallery-caption' id='gallery-1-317'>\n\t\t\t\tMuseo Ant\u00f3n\n\t\t\t\t<\/dd><\/dl><br style=\"clear: both\" \/>\n\t\t<\/div>\n\n<p>&nbsp;<\/p>\n","protected":false},"excerpt":{"rendered":"<p>Nuestro Colegio se encuentra en Cand\u00e1s, en la costa central de Asturias, a medio camino entre Gij\u00f3n y Avil\u00e9s, y muy cerca de Oviedo, la capital del Principado. Hace a\u00f1os fue una villa marinera, que&#46;&#46;&#46;<\/p>\n","protected":false},"author":1,"featured_media":0,"parent":0,"menu_order":0,"comment_status":"closed","ping_status":"closed","template":"","meta":{"footnotes":""},"class_list":["post-172","page","type-page","status-publish","hentry"],"_links":{"self":[{"href":"https:\/\/www.colegiosanfelix.com\/web\/index.php\/wp-json\/wp\/v2\/pages\/172","targetHints":{"allow":["GET"]}}],"collection":[{"href":"https:\/\/www.colegiosanfelix.com\/web\/index.php\/wp-json\/wp\/v2\/pages"}],"about":[{"href":"https:\/\/www.colegiosanfelix.com\/web\/index.php\/wp-json\/wp\/v2\/types\/page"}],"author":[{"embeddable":true,"href":"https:\/\/www.colegiosanfelix.com\/web\/index.php\/wp-json\/wp\/v2\/users\/1"}],"replies":[{"embeddable":true,"href":"https:\/\/www.colegiosanfelix.com\/web\/index.php\/wp-json\/wp\/v2\/comments?post=172"}],"version-history":[{"count":0,"href":"https:\/\/www.colegiosanfelix.com\/web\/index.php\/wp-json\/wp\/v2\/pages\/172\/revisions"}],"wp:attachment":[{"href":"https:\/\/www.colegiosanfelix.com\/web\/index.php\/wp-json\/wp\/v2\/media?parent=172"}],"curies":[{"name":"wp","href":"https:\/\/api.w.org\/{rel}","templated":true}]}}